{"id":324,"date":"2023-12-03T14:32:54","date_gmt":"2023-12-03T14:32:54","guid":{"rendered":"https:\/\/laplaceboheme.ch\/?post_type=product&#038;p=324"},"modified":"2026-03-16T20:15:09","modified_gmt":"2026-03-16T20:15:09","slug":"kit-mkmi-mes-savons-naturels","status":"publish","type":"product","link":"https:\/\/laplaceboheme.ch\/index.php\/produit\/kit-mkmi-mes-savons-naturels\/","title":{"rendered":"Kit MKMI &#8211; Mes savons naturels"},"content":{"rendered":"<h2>Lancez-vous dans la cr\u00e9ation de savons naturels avec ce kit !<\/h2>\n<p>Vous vous \u00eates d\u00e9j\u00e0 balad\u00e9s dans certains magasins avec l&rsquo;envie d&rsquo;acheter des objets que vous pouvez faire vous-m\u00eame ? Et bien avec ce kit de savons naturels vous allez pouvoir r\u00e9aliser des savons pour votre int\u00e9rieur. La Petite \u00c9picerie vient de sortir son nouveau kit de savons <strong>100% v\u00e9g\u00e9tal<\/strong> d\u00e9cor\u00e9 avec des fleurs et des feuilles s\u00e9ch\u00e9es. Ce kit contient tout ce dont vous avez besoin pour mener \u00e0 bien votre fabrication de savons, que vous pourrez ensuite disposer dans votre maison ou votre appartement. Facile et ludique, il ravira <strong>toute la famille<\/strong> pour une activit\u00e9 le week-end ou en soir\u00e9e. Ce kit peut \u00e9galement s&rsquo;offrir \u00e0 un anniversaire pour une personne fan des DIY ou au contraire une personne qui a envie d\u00e9couvrir cet univers du faire soi-m\u00eame.<\/p>\n<h3>Un kit parfait pour les d\u00e9butants:<\/h3>\n<p>Pas de panique pour ceux qui d\u00e9butent dans les DIY, ce kit est simple d&rsquo;utilisation et toutes les \u00e9tapes vous sont expliqu\u00e9es dans le petit livret fourni dans le kit. Chaque \u00e9tape est accompagn\u00e9e d&rsquo;une photo pour vous permettre de visualiser au mieux la t\u00e2che \u00e0 r\u00e9aliser. Une fois termin\u00e9 vous n&rsquo;avez plus qu&rsquo;\u00e0 les disposer dans une coupelle que vous pouvez \u00e9galement cr\u00e9er avec La Petite \u00c9picerie.<\/p>\n<p><strong>Dans ce kit vous retrouverez:<\/strong><\/p>\n<p>-1 bloc de savon \u00e0 mouler 100gr<\/p>\n<p>-1 planche de fleurs et feuilles s\u00e9ch\u00e9es<\/p>\n<p>-1 moule \u00e0 2 compartiments<\/p>\n<p>-1 livre explicatif<\/p>\n","protected":false},"excerpt":{"rendered":"<h2>Lancez-vous dans la cr\u00e9ation de savons naturels avec ce kit !<\/h2>\n<p>Vous vous \u00eates d\u00e9j\u00e0 balad\u00e9s dans certains magasins avec l&rsquo;envie d&rsquo;acheter des objets que vous pouvez faire vous-m\u00eame ? Et bien avec ce kit de savons naturels vous allez pouvoir r\u00e9aliser des savons pour votre int\u00e9rieur. La Petite \u00c9picerie vient de sortir son nouveau kit de savons <strong>100% v\u00e9g\u00e9tal<\/strong> d\u00e9cor\u00e9 avec des fleurs et des feuilles s\u00e9ch\u00e9es. Ce kit contient tout ce dont vous avez besoin pour mener \u00e0 bien votre fabrication de savons, que vous pourrez ensuite disposer dans votre maison ou votre appartement. Facile et ludique, il ravira <strong>toute la famille<\/strong> pour une activit\u00e9 le week-end ou en soir\u00e9e. Ce kit peut \u00e9galement s&rsquo;offrir \u00e0 un anniversaire pour une personne fan des DIY ou au contraire une personne qui a envie d\u00e9couvrir cet univers du faire soi-m\u00eame.<\/p>\n","protected":false},"featured_media":325,"comment_status":"open","ping_status":"closed","template":"","meta":[],"product_brand":[],"product_cat":[17],"product_tag":[],"class_list":["post-324","product","type-product","status-publish","has-post-thumbnail","product_cat-deco-et-kit-diy","first","outofstock","shipping-taxable","purchasable","product-type-simple"],"acf":[],"jetpack_sharing_enabled":true,"_links":{"self":[{"href":"https:\/\/laplaceboheme.ch\/index.php\/wp-json\/wp\/v2\/product\/324","targetHints":{"allow":["GET"]}}],"collection":[{"href":"https:\/\/laplaceboheme.ch\/index.php\/wp-json\/wp\/v2\/product"}],"about":[{"href":"https:\/\/laplaceboheme.ch\/index.php\/wp-json\/wp\/v2\/types\/product"}],"replies":[{"embeddable":true,"href":"https:\/\/laplaceboheme.ch\/index.php\/wp-json\/wp\/v2\/comments?post=324"}],"wp:featuredmedia":[{"embeddable":true,"href":"https:\/\/laplaceboheme.ch\/index.php\/wp-json\/wp\/v2\/media\/325"}],"wp:attachment":[{"href":"https:\/\/laplaceboheme.ch\/index.php\/wp-json\/wp\/v2\/media?parent=324"}],"wp:term":[{"taxonomy":"product_brand","embeddable":true,"href":"https:\/\/laplaceboheme.ch\/index.php\/wp-json\/wp\/v2\/product_brand?post=324"},{"taxonomy":"product_cat","embeddable":true,"href":"https:\/\/laplaceboheme.ch\/index.php\/wp-json\/wp\/v2\/product_cat?post=324"},{"taxonomy":"product_tag","embeddable":true,"href":"https:\/\/laplaceboheme.ch\/index.php\/wp-json\/wp\/v2\/product_tag?post=324"}],"curies":[{"name":"wp","href":"https:\/\/api.w.org\/{rel}","templated":true}]}}